{"id":4511,"date":"2024-02-29T12:05:44","date_gmt":"2024-02-29T11:05:44","guid":{"rendered":"http:\/\/synops-editions.fr\/WP\/?post_type=project&#038;p=4511"},"modified":"2024-03-28T13:34:53","modified_gmt":"2024-03-28T12:34:53","slug":"aux-origines-de-lart-et-des-symboles","status":"publish","type":"project","link":"https:\/\/synops-editions.fr\/WP\/project\/aux-origines-de-lart-et-des-symboles\/","title":{"rendered":"AUX ORIGINES DE L&rsquo;ART ET DES SYMBOLES"},"content":{"rendered":"<p>[et_pb_section fb_built=\u00a0\u00bb1&Prime; admin_label=\u00a0\u00bbCorps de page &#8211; Exposition\u00a0\u00bb _builder_version=\u00a0\u00bb4.24.1&Prime; _module_preset=\u00a0\u00bbdefault\u00a0\u00bb background_color=\u00a0\u00bb#FFF5ED\u00a0\u00bb z_index=\u00a0\u00bb0&Prime; custom_margin=\u00a0\u00bb0px||0px||false|false\u00a0\u00bb custom_padding=\u00a0\u00bb0px||0px||false|false\u00a0\u00bb da_disable_devices=\u00a0\u00bboff|off|off\u00a0\u00bb global_colors_info=\u00a0\u00bb{}\u00a0\u00bb da_is_popup=\u00a0\u00bboff\u00a0\u00bb da_exit_intent=\u00a0\u00bboff\u00a0\u00bb da_has_close=\u00a0\u00bbon\u00a0\u00bb da_alt_close=\u00a0\u00bboff\u00a0\u00bb da_dark_close=\u00a0\u00bboff\u00a0\u00bb da_not_modal=\u00a0\u00bbon\u00a0\u00bb da_is_singular=\u00a0\u00bboff\u00a0\u00bb da_with_loader=\u00a0\u00bboff\u00a0\u00bb da_has_shadow=\u00a0\u00bbon\u00a0\u00bb][et_pb_row custom_padding_last_edited=\u00a0\u00bbon|phone\u00a0\u00bb _builder_version=\u00a0\u00bb4.24.1&Prime; _module_preset=\u00a0\u00bbd71d483d-9b22-47a1-abae-62db17586569&Prime; custom_margin_tablet=\u00a0\u00bb||||false|false\u00a0\u00bb custom_margin_phone=\u00a0\u00bb||||false|false\u00a0\u00bb custom_margin_last_edited=\u00a0\u00bbon|phone\u00a0\u00bb custom_padding=\u00a0\u00bb4vw|0px|2vw|0px|false|false\u00a0\u00bb custom_padding_tablet=\u00a0\u00bb6vw|0vw|2vw|0vw|false|false\u00a0\u00bb custom_padding_phone=\u00a0\u00bb8vw|0vw|2vw|0vw|false|false\u00a0\u00bb locked=\u00a0\u00bboff\u00a0\u00bb global_colors_info=\u00a0\u00bb{}\u00a0\u00bb][et_pb_column type=\u00a0\u00bb4_4&Prime; _builder_version=\u00a0\u00bb4.24.0&Prime; _module_preset=\u00a0\u00bbdefault\u00a0\u00bb global_colors_info=\u00a0\u00bb{}\u00a0\u00bb][et_pb_text admin_label=\u00a0\u00bbDescription\u00a0\u00bb _builder_version=\u00a0\u00bb4.24.2&Prime; _module_preset=\u00a0\u00bb59ba0153-db64-42e0-b81a-20dd3b4555a9&Prime; text_line_height=\u00a0\u00bb2vw\u00a0\u00bb hover_enabled=\u00a0\u00bb0&Prime; global_colors_info=\u00a0\u00bb{}\u00a0\u00bb sticky_enabled=\u00a0\u00bb0&Prime;]<\/p>\n<p><span>Cette exposition, richement illustr\u00e9e, part \u00e0 la rencontre des premiers artistes, de leurs plus belles productions et de leurs motivations. <\/span><\/p>\n<p><span>L\u2019exposition incite \u00e9galement le visiteur \u00e0 r\u00e9fl\u00e9chir sur les grandes diversit\u00e9s de pratiques culturelles existantes au sein de l\u2019esp\u00e8ce humaine, et les croyances, rites et visions de l\u2019origine du monde qui ont sous-tendu les premi\u00e8res formes d\u2019art. <\/span><\/p>\n<p><span>De l&rsquo;origine du symbolisme aux chef-d\u2019oeuvres de Chauvet et Lascaux, cette exposition propose donc un voyage dans l\u2019imaginaire des humains de la pr\u00e9histoire, et incite \u00e0 une r\u00e9flexion sur qui nous sommes.<\/span><\/p>\n<p>[\/et_pb_text][\/et_pb_column][\/et_pb_row][et_pb_row column_structure=\u00a0\u00bb1_5,1_5,1_5,1_5,1_5&Prime; make_equal=\u00a0\u00bbon\u00a0\u00bb custom_padding_last_edited=\u00a0\u00bbon|phone\u00a0\u00bb _builder_version=\u00a0\u00bb4.24.1&Prime; _module_preset=\u00a0\u00bbdefault\u00a0\u00bb custom_padding=\u00a0\u00bb4vw||4vw||false|false\u00a0\u00bb custom_padding_tablet=\u00a0\u00bb4vw||4vw||false|false\u00a0\u00bb custom_padding_phone=\u00a0\u00bb8vw||4vw||false|false\u00a0\u00bb global_colors_info=\u00a0\u00bb{}\u00a0\u00bb][et_pb_column type=\u00a0\u00bb1_5&Prime; _builder_version=\u00a0\u00bb4.24.1&Prime; _module_preset=\u00a0\u00bbdefault\u00a0\u00bb global_colors_info=\u00a0\u00bb{}\u00a0\u00bb][et_pb_image src=\u00a0\u00bbhttps:\/\/synops-editions.fr\/WP\/wp-content\/uploads\/2024\/01\/Icon-panneaux.webp\u00a0\u00bb alt=\u00a0\u00bbPicto de panneaux\u00a0\u00bb title_text=\u00a0\u00bbIcon-panneaux\u00a0\u00bb align=\u00a0\u00bbcenter\u00a0\u00bb _builder_version=\u00a0\u00bb4.24.1&Prime; _module_preset=\u00a0\u00bbdefault\u00a0\u00bb custom_margin=\u00a0\u00bb2vw||1vw||false|false\u00a0\u00bb custom_margin_tablet=\u00a0\u00bb6vw||4vw||false|false\u00a0\u00bb custom_margin_phone=\u00a0\u00bb6vw||6vw||false|false\u00a0\u00bb custom_margin_last_edited=\u00a0\u00bbon|phone\u00a0\u00bb global_colors_info=\u00a0\u00bb{}\u00a0\u00bb][\/et_pb_image][et_pb_text _builder_version=\u00a0\u00bb4.24.2&Prime; _module_preset=\u00a0\u00bbdefault\u00a0\u00bb text_orientation=\u00a0\u00bbcenter\u00a0\u00bb custom_padding_tablet=\u00a0\u00bb||||false|false\u00a0\u00bb custom_padding_phone=\u00a0\u00bb||||false|false\u00a0\u00bb custom_padding_last_edited=\u00a0\u00bbon|tablet\u00a0\u00bb global_colors_info=\u00a0\u00bb{}\u00a0\u00bb]<\/p>\n<p><strong>10 panneaux<br \/><\/strong>110 x 80 cm<\/p>\n<p>[\/et_pb_text][\/et_pb_column][et_pb_column type=\u00a0\u00bb1_5&Prime; _builder_version=\u00a0\u00bb4.24.1&Prime; _module_preset=\u00a0\u00bbdefault\u00a0\u00bb global_colors_info=\u00a0\u00bb{}\u00a0\u00bb][et_pb_image src=\u00a0\u00bbhttps:\/\/synops-editions.fr\/WP\/wp-content\/uploads\/2024\/01\/Picto-tel.webp\u00a0\u00bb alt=\u00a0\u00bbPicto t\u00e9l\u00e9phone\u00a0\u00bb title_text=\u00a0\u00bbPicto-tel\u00a0\u00bb align=\u00a0\u00bbcenter\u00a0\u00bb _builder_version=\u00a0\u00bb4.24.1&Prime; _module_preset=\u00a0\u00bbdefault\u00a0\u00bb custom_margin=\u00a0\u00bb0vw||1vw||false|false\u00a0\u00bb custom_margin_tablet=\u00a0\u00bb||4vw||false|false\u00a0\u00bb custom_margin_phone=\u00a0\u00bb8vw||6vw||false|false\u00a0\u00bb custom_margin_last_edited=\u00a0\u00bbon|desktop\u00a0\u00bb custom_padding=\u00a0\u00bb|||1vw|false|false\u00a0\u00bb global_colors_info=\u00a0\u00bb{}\u00a0\u00bb][\/et_pb_image][et_pb_text _builder_version=\u00a0\u00bb4.24.1&Prime; _module_preset=\u00a0\u00bbdefault\u00a0\u00bb text_orientation=\u00a0\u00bbcenter\u00a0\u00bb custom_padding_tablet=\u00a0\u00bb||||false|false\u00a0\u00bb custom_padding_phone=\u00a0\u00bb||||false|false\u00a0\u00bb custom_padding_last_edited=\u00a0\u00bbon|tablet\u00a0\u00bb global_colors_info=\u00a0\u00bb{}\u00a0\u00bb]<\/p>\n<p>Contenus multim\u00e9dias et interactifs accessibles via QR code<\/p>\n<p>[\/et_pb_text][\/et_pb_column][et_pb_column type=\u00a0\u00bb1_5&Prime; _builder_version=\u00a0\u00bb4.24.1&Prime; _module_preset=\u00a0\u00bbdefault\u00a0\u00bb global_colors_info=\u00a0\u00bb{}\u00a0\u00bb][et_pb_image src=\u00a0\u00bbhttps:\/\/synops-editions.fr\/WP\/wp-content\/uploads\/2024\/01\/Picto-validation.webp\u00a0\u00bb alt=\u00a0\u00bbPicto validation\u00a0\u00bb title_text=\u00a0\u00bbPicto-validation\u00a0\u00bb align=\u00a0\u00bbcenter\u00a0\u00bb _builder_version=\u00a0\u00bb4.24.1&Prime; _module_preset=\u00a0\u00bbdefault\u00a0\u00bb custom_margin=\u00a0\u00bb0.6vw||1vw||false|false\u00a0\u00bb custom_margin_tablet=\u00a0\u00bb0vw||4vw||false|false\u00a0\u00bb custom_margin_phone=\u00a0\u00bb8vw||6vw||false|false\u00a0\u00bb custom_margin_last_edited=\u00a0\u00bbon|tablet\u00a0\u00bb custom_padding_tablet=\u00a0\u00bb\u00a0\u00bb custom_padding_phone=\u00a0\u00bb\u00a0\u00bb custom_padding_last_edited=\u00a0\u00bbon|tablet\u00a0\u00bb global_colors_info=\u00a0\u00bb{}\u00a0\u00bb][\/et_pb_image][et_pb_text _builder_version=\u00a0\u00bb4.24.1&Prime; _module_preset=\u00a0\u00bbdefault\u00a0\u00bb text_orientation=\u00a0\u00bbcenter\u00a0\u00bb global_colors_info=\u00a0\u00bb{}\u00a0\u00bb]<\/p>\n<p>Contenus valid\u00e9s par un conseil scientifique<\/p>\n<p>[\/et_pb_text][\/et_pb_column][et_pb_column type=\u00a0\u00bb1_5&Prime; _builder_version=\u00a0\u00bb4.24.1&Prime; _module_preset=\u00a0\u00bbdefault\u00a0\u00bb global_colors_info=\u00a0\u00bb{}\u00a0\u00bb][et_pb_image src=\u00a0\u00bbhttps:\/\/synops-editions.fr\/WP\/wp-content\/uploads\/2024\/01\/Picto-flyers.webp\u00a0\u00bb alt=\u00a0\u00bbPicto communication\u00a0\u00bb title_text=\u00a0\u00bbPicto-flyers\u00a0\u00bb show_bottom_space=\u00a0\u00bboff\u00a0\u00bb align=\u00a0\u00bbcenter\u00a0\u00bb _builder_version=\u00a0\u00bb4.24.1&Prime; _module_preset=\u00a0\u00bbdefault\u00a0\u00bb custom_margin=\u00a0\u00bb1.5vw||||false|false\u00a0\u00bb custom_margin_tablet=\u00a0\u00bb0vw||||false|false\u00a0\u00bb custom_margin_phone=\u00a0\u00bb8vw||6vw||false|false\u00a0\u00bb custom_margin_last_edited=\u00a0\u00bbon|tablet\u00a0\u00bb custom_padding=\u00a0\u00bb||1vw||false|false\u00a0\u00bb custom_padding_tablet=\u00a0\u00bb3vw||3.8vw||false|false\u00a0\u00bb custom_padding_phone=\u00a0\u00bb0vw||0vw||false|false\u00a0\u00bb custom_padding_last_edited=\u00a0\u00bbon|tablet\u00a0\u00bb global_colors_info=\u00a0\u00bb{}\u00a0\u00bb][\/et_pb_image][et_pb_text _builder_version=\u00a0\u00bb4.24.1&Prime; _module_preset=\u00a0\u00bbdefault\u00a0\u00bb text_orientation=\u00a0\u00bbcenter\u00a0\u00bb global_colors_info=\u00a0\u00bb{}\u00a0\u00bb]<\/p>\n<p>Affiches et flyers de communication<\/p>\n<p>[\/et_pb_text][\/et_pb_column][et_pb_column type=\u00a0\u00bb1_5&Prime; _builder_version=\u00a0\u00bb4.24.1&Prime; _module_preset=\u00a0\u00bbdefault\u00a0\u00bb global_colors_info=\u00a0\u00bb{}\u00a0\u00bb][et_pb_image src=\u00a0\u00bbhttps:\/\/synops-editions.fr\/WP\/wp-content\/uploads\/2024\/01\/Picto-multimedia.webp\u00a0\u00bb alt=\u00a0\u00bbPicto de kit p\u00e9gagogique\u00a0\u00bb title_text=\u00a0\u00bbPicto-multimedia\u00a0\u00bb align=\u00a0\u00bbcenter\u00a0\u00bb _builder_version=\u00a0\u00bb4.24.1&Prime; _module_preset=\u00a0\u00bbdefault\u00a0\u00bb custom_margin=\u00a0\u00bb0.3vw||1vw||false|false\u00a0\u00bb custom_margin_tablet=\u00a0\u00bb0vw||0vw||false|false\u00a0\u00bb custom_margin_phone=\u00a0\u00bb8vw||6vw||false|false\u00a0\u00bb custom_margin_last_edited=\u00a0\u00bbon|tablet\u00a0\u00bb custom_padding=\u00a0\u00bb||||false|false\u00a0\u00bb custom_padding_tablet=\u00a0\u00bb3vw||4vw||false|false\u00a0\u00bb custom_padding_phone=\u00a0\u00bb0vw||0vw||false|false\u00a0\u00bb custom_padding_last_edited=\u00a0\u00bbon|tablet\u00a0\u00bb global_colors_info=\u00a0\u00bb{}\u00a0\u00bb][\/et_pb_image][et_pb_text _builder_version=\u00a0\u00bb4.24.1&Prime; _module_preset=\u00a0\u00bbdefault\u00a0\u00bb text_orientation=\u00a0\u00bbcenter\u00a0\u00bb global_colors_info=\u00a0\u00bb{}\u00a0\u00bb]<\/p>\n<p>Kit p\u00e9dagogique d&rsquo;aide \u00e0 la visite pour public jeunesse et fiches ludiques tr\u00e8s jeune public<\/p>\n<p>[\/et_pb_text][\/et_pb_column][\/et_pb_row][et_pb_row column_structure=\u00a0\u00bb1_2,1_2&Prime; _builder_version=\u00a0\u00bb4.24.1&Prime; _module_preset=\u00a0\u00bbdefault\u00a0\u00bb custom_padding=\u00a0\u00bb||0px||false|false\u00a0\u00bb global_colors_info=\u00a0\u00bb{}\u00a0\u00bb][et_pb_column type=\u00a0\u00bb1_2&Prime; _builder_version=\u00a0\u00bb4.24.1&Prime; _module_preset=\u00a0\u00bbdefault\u00a0\u00bb global_colors_info=\u00a0\u00bb{}\u00a0\u00bb][et_pb_tabs active_tab_background_color=\u00a0\u00bb#fff5ed\u00a0\u00bb _builder_version=\u00a0\u00bb4.24.2&Prime; _module_preset=\u00a0\u00bb761b96d8-c6f0-49d2-8da5-e6126c0f7896&Prime; tab_text_color=\u00a0\u00bbrgba(0,0,0,0.4)\u00a0\u00bb body_font_size=\u00a0\u00bb18px\u00a0\u00bb background_color=\u00a0\u00bb#fff5ed\u00a0\u00bb body_font_size_last_edited=\u00a0\u00bboff|desktop\u00a0\u00bb custom_css_free_form=\u00a0\u00bbul.et_pb_tabs_controls {||  background-color: #ffffff;||  border-bottom: black solid 1px;||}||.et_pb_tabs_controls li {||    border: none;||}\u00a0\u00bb border_width_all=\u00a0\u00bb0px\u00a0\u00bb global_colors_info=\u00a0\u00bb{%22gcid-a40a3494-17cf-40d0-8dd9-0e4014c88bbf%22:%91%22background_color%22,%22active_tab_background_color%22%93,%22gcid-e2982ccb-578e-4e22-a01d-391c6eb51132%22:%91%22active_tab_text_color%22%93}\u00a0\u00bb][et_pb_tab title=\u00a0\u00bbObjectifs\u00a0\u00bb _builder_version=\u00a0\u00bb4.24.2&Prime; _module_preset=\u00a0\u00bbdefault\u00a0\u00bb body_font_size=\u00a0\u00bb18px\u00a0\u00bb tab_letter_spacing=\u00a0\u00bb0px\u00a0\u00bb custom_padding=\u00a0\u00bb||||false|false\u00a0\u00bb global_colors_info=\u00a0\u00bb{}\u00a0\u00bb]<\/p>\n<ul>\n<li>Partager la beaut\u00e9 de l\u2019art pari\u00e9tal.<\/li>\n<li>R\u00e9fl\u00e9chir sur les origines de l\u2019art et du symbolisme.<\/li>\n<li>Sensibiliser \u00e0 la protection du patrimoine.<\/li>\n<\/ul>\n<p>[\/et_pb_tab][et_pb_tab title=\u00a0\u00bbDescriptif\u00a0\u00bb _builder_version=\u00a0\u00bb4.24.2&Prime; _module_preset=\u00a0\u00bbdefault\u00a0\u00bb body_font_size=\u00a0\u00bb18px\u00a0\u00bb global_colors_info=\u00a0\u00bb{}\u00a0\u00bb]<\/p>\n<ul>\n<li><span>Format 110 x 80 cm impression sur b\u00e2che sans PVC. \u2013 Pour en savoir plus,\u00a0<a href=\"https:\/\/synops-editions.fr\/WP\/exposition-itinerantes\/\" target=\"_blank\" rel=\"noopener\">cliquez ici .<\/a><\/span><\/li>\n<li><span>Fiches p\u00e9dagogiques d\u2019aide \u00e0 l\u2019animation et \u00e0 l\u2019accompagnement de groupe. (format PDF).<\/span><\/li>\n<li><span>Fiches de jeux pour les plus jeunes (format PDF).<\/span><\/li>\n<li><span>Affiche A3 et flyer modifiables pour la promotion de l\u2019exposition (format PDF).<\/span><\/li>\n<\/ul>\n<p>[\/et_pb_tab][et_pb_tab title=\u00a0\u00bbMultim\u00e9dia\u00a0\u00bb _builder_version=\u00a0\u00bb4.24.2&Prime; _module_preset=\u00a0\u00bbdefault\u00a0\u00bb global_colors_info=\u00a0\u00bb{}\u00a0\u00bb]<\/p>\n<ul>\n<li>Acc\u00e8s aux multim\u00e9dia pour les visiteurs via un QR code.<\/li>\n<li>Programmes vid\u00e9o : interview interactives, reportages,\u2026<\/li>\n<li>Immersion 360\u00b0<\/li>\n<li>3D<\/li>\n<li>Jeux<\/li>\n<li>Quiz<\/li>\n<li>Audio-guide (version enregistr\u00e9e des textes).<\/li>\n<\/ul>\n<p>[\/et_pb_tab][et_pb_tab title=\u00a0\u00bbOptions\u00a0\u00bb _builder_version=\u00a0\u00bb4.24.2&Prime; _module_preset=\u00a0\u00bbdefault\u00a0\u00bb global_colors_info=\u00a0\u00bb{}\u00a0\u00bb]<\/p>\n<ul>\n<li>Conf\u00e9rence possible.<\/li>\n<li>Bo\u00eetier Neuron d\u2019aide \u00e0 l\u2019acc\u00e8s aux multim\u00e9dia \u2013<span>\u00a0<\/span><a href=\"https:\/\/synops-editions.fr\/WP\/exposition-itinerantes\/#neuron\" target=\"_blank\" rel=\"noopener\" title=\"Neuron\">En savoir plus.<\/a><\/li>\n<li>Tablette(s) avec \u00e9couteurs.<\/li>\n<\/ul>\n<p>[\/et_pb_tab][\/et_pb_tabs][\/et_pb_column][et_pb_column type=\u00a0\u00bb1_2&Prime; _builder_version=\u00a0\u00bb4.24.1&Prime; _module_preset=\u00a0\u00bbdefault\u00a0\u00bb global_colors_info=\u00a0\u00bb{}\u00a0\u00bb][ba_image_carousel autoplay_speed=\u00a0\u00bb4000ms\u00a0\u00bb use_pagi=\u00a0\u00bbon\u00a0\u00bb slide_count=\u00a0\u00bb1&Prime; carousel_spacing_bottom=\u00a0\u00bb15px\u00a0\u00bb _builder_version=\u00a0\u00bb4.24.2&Prime; _module_preset=\u00a0\u00bbdefault\u00a0\u00bb global_colors_info=\u00a0\u00bb{}\u00a0\u00bb][ba_image_carousel_child photo=\u00a0\u00bbhttps:\/\/synops-editions.fr\/WP\/wp-content\/uploads\/2024\/02\/Origine_Art-1.webp\u00a0\u00bb _builder_version=\u00a0\u00bb4.24.2&Prime; _module_preset=\u00a0\u00bbdefault\u00a0\u00bb global_colors_info=\u00a0\u00bb{}\u00a0\u00bb][\/ba_image_carousel_child][ba_image_carousel_child photo=\u00a0\u00bbhttps:\/\/synops-editions.fr\/WP\/wp-content\/uploads\/2024\/02\/Origine_Art_2.webp\u00a0\u00bb _builder_version=\u00a0\u00bb4.24.2&Prime; _module_preset=\u00a0\u00bbdefault\u00a0\u00bb global_colors_info=\u00a0\u00bb{}\u00a0\u00bb][\/ba_image_carousel_child][ba_image_carousel_child photo=\u00a0\u00bbhttps:\/\/synops-editions.fr\/WP\/wp-content\/uploads\/2024\/02\/Origine_Art_3.webp\u00a0\u00bb _builder_version=\u00a0\u00bb4.24.2&Prime; _module_preset=\u00a0\u00bbdefault\u00a0\u00bb global_colors_info=\u00a0\u00bb{}\u00a0\u00bb][\/ba_image_carousel_child][\/ba_image_carousel][\/et_pb_column][\/et_pb_row][\/et_pb_section]<\/p>\n","protected":false},"excerpt":{"rendered":"<p>DES PREMI\u00c8RES FORMES DE SYMBOLISME AUX CHEFS-D\u2019\u0152UVRE DE L\u2019ART PARI\u00c9TAL. <\/p>\n","protected":false},"author":1,"featured_media":4074,"comment_status":"open","ping_status":"closed","template":"","meta":{"_et_pb_use_builder":"on","_et_pb_old_content":"","_et_gb_content_width":"","footnotes":""},"project_category":[35,3,37,51],"project_tag":[],"class_list":["post-4511","project","type-project","status-publish","has-post-thumbnail","hentry","project_category-itinerante-art","project_category-expo-itinerante","project_category-itinerante-histoire","project_category-itinerante-prehistoire"],"_links":{"self":[{"href":"https:\/\/synops-editions.fr\/WP\/wp-json\/wp\/v2\/project\/4511","targetHints":{"allow":["GET"]}}],"collection":[{"href":"https:\/\/synops-editions.fr\/WP\/wp-json\/wp\/v2\/project"}],"about":[{"href":"https:\/\/synops-editions.fr\/WP\/wp-json\/wp\/v2\/types\/project"}],"author":[{"embeddable":true,"href":"https:\/\/synops-editions.fr\/WP\/wp-json\/wp\/v2\/users\/1"}],"replies":[{"embeddable":true,"href":"https:\/\/synops-editions.fr\/WP\/wp-json\/wp\/v2\/comments?post=4511"}],"version-history":[{"count":5,"href":"https:\/\/synops-editions.fr\/WP\/wp-json\/wp\/v2\/project\/4511\/revisions"}],"predecessor-version":[{"id":5328,"href":"https:\/\/synops-editions.fr\/WP\/wp-json\/wp\/v2\/project\/4511\/revisions\/5328"}],"wp:featuredmedia":[{"embeddable":true,"href":"https:\/\/synops-editions.fr\/WP\/wp-json\/wp\/v2\/media\/4074"}],"wp:attachment":[{"href":"https:\/\/synops-editions.fr\/WP\/wp-json\/wp\/v2\/media?parent=4511"}],"wp:term":[{"taxonomy":"project_category","embeddable":true,"href":"https:\/\/synops-editions.fr\/WP\/wp-json\/wp\/v2\/project_category?post=4511"},{"taxonomy":"project_tag","embeddable":true,"href":"https:\/\/synops-editions.fr\/WP\/wp-json\/wp\/v2\/project_tag?post=4511"}],"curies":[{"name":"wp","href":"https:\/\/api.w.org\/{rel}","templated":true}]}}